{"id":1769,"date":"2023-03-07T09:48:21","date_gmt":"2023-03-07T09:48:21","guid":{"rendered":"http:\/\/bracketweb.com\/alipeswp\/?page_id=32"},"modified":"2025-12-16T11:17:09","modified_gmt":"2025-12-16T11:17:09","slug":"formazione-e-supervisione","status":"publish","type":"page","link":"https:\/\/europolis.net\/index.php\/formazione-e-supervisione\/","title":{"rendered":"FORMAZIONE E SUPERVISIONE"},"content":{"rendered":"\t\t<div data-elementor-type=\"wp-page\" data-elementor-id=\"1769\" class=\"elementor elementor-1769\">\n\t\t\t\t<div class=\"elementor-element elementor-element-6bde729 e-flex e-con-boxed e-con e-parent\" data-id=\"6bde729\" data-element_type=\"container\">\n\t\t\t\t\t<div class=\"e-con-inner\">\n\t\t<div class=\"elementor-element elementor-element-6baf962 e-con-full e-flex e-con e-child\" data-id=\"6baf962\" data-element_type=\"container\">\n\t\t\t\t<div class=\"elementor-element elementor-element-80ea37c elementor-widget elementor-widget-image\" data-id=\"80ea37c\" data-element_type=\"widget\" data-widget_type=\"image.default\">\n\t\t\t\t<div class=\"elementor-widget-container\">\n\t\t\t\t\t\t\t\t\t\t\t\t\t\t\t<img fetchpriority=\"high\" decoding=\"async\" width=\"640\" height=\"683\" src=\"https:\/\/europolis.net\/wp-content\/uploads\/2025\/07\/europolis-formazione-autismo-959x1024.jpg\" class=\"attachment-large size-large wp-image-2177\" alt=\"\" srcset=\"https:\/\/europolis.net\/wp-content\/uploads\/2025\/07\/europolis-formazione-autismo-959x1024.jpg 959w, https:\/\/europolis.net\/wp-content\/uploads\/2025\/07\/europolis-formazione-autismo-281x300.jpg 281w, https:\/\/europolis.net\/wp-content\/uploads\/2025\/07\/europolis-formazione-autismo-768x820.jpg 768w, https:\/\/europolis.net\/wp-content\/uploads\/2025\/07\/europolis-formazione-autismo.jpg 1000w\" sizes=\"(max-width: 640px) 100vw, 640px\" \/>\t\t\t\t\t\t\t\t\t\t\t\t\t\t\t<\/div>\n\t\t\t\t<\/div>\n\t\t\t\t<\/div>\n\t\t<div class=\"elementor-element elementor-element-5dc4f6b e-con-full e-flex e-con e-child\" data-id=\"5dc4f6b\" data-element_type=\"container\">\n\t\t\t\t<div class=\"elementor-element elementor-element-76ab1fd elementor-widget elementor-widget-heading\" data-id=\"76ab1fd\" data-element_type=\"widget\" data-widget_type=\"heading.default\">\n\t\t\t\t<div class=\"elementor-widget-container\">\n\t\t\t\t\t<h3 class=\"elementor-heading-title elementor-size-default\">SCUOLE - MINORI CON DISTURBO DELLO SPETTRO AUTISTICO<\/h3>\t\t\t\t<\/div>\n\t\t\t\t<\/div>\n\t\t\t\t<div class=\"elementor-element elementor-element-a7201ba elementor-widget elementor-widget-heading\" data-id=\"a7201ba\" data-element_type=\"widget\" data-widget_type=\"heading.default\">\n\t\t\t\t<div class=\"elementor-widget-container\">\n\t\t\t\t\t<h6 class=\"elementor-heading-title elementor-size-default\">CARATTERISTICHE GENERALI&nbsp;E INTERVENTO SCOLASTICO<\/h6>\t\t\t\t<\/div>\n\t\t\t\t<\/div>\n\t\t\t\t<div class=\"elementor-element elementor-element-a520851 elementor-widget elementor-widget-text-editor\" data-id=\"a520851\" data-element_type=\"widget\" data-widget_type=\"text-editor.default\">\n\t\t\t\t<div class=\"elementor-widget-container\">\n\t\t\t\t\t\t\t\t\t<p class=\"p1\">La scuola incide in modo significativo nel percorso di crescita di bambini e ragazzi con disturbo dello spettro autistico. L\u2019educazione di minori disturbi dello spettro autistico necessita di uno sguardo capace di interpretare i bisogni del bambino o del ragazzo, coniugando con essi la dimensione sensoriale, emotiva, relazionale e cognitiva. L\u2019insegnante, dunque, ha la necessit\u00e0 di adottare precise strategie d\u2019intervento nella relazione con il minore, sia nel momento in cui propone le attivit\u00e0, sia prima, nel momento in cui predispone il setting e il contesto all\u2019interno del quale andare a proporle.\u00a0\u00a0<\/p><p class=\"p1\">I filoni tematici lungo cui \u00e8 articolato il corso sono: cenni storici e funzionamento sulla base degli attuali criteri diagnostici;\u00a0percezione e sensorialit\u00e0;\u00a0linguaggio, comunicazione e CAA (Comunicazione Aumentativa Alternativa);\u00a0dal bimbo all\u2019adolescente, i cambiamenti fuori e dentro al s\u00e9;\u00a0comprensione, gestione e prevenzione dei comportamenti problema;\u00a0l\u2019ambiente scolastico \u201cstrutturato\u201d e l\u2019apprendimento (PEI);\u00a0indicazioni operative a scuola e strumenti da utilizzare per facilitare l\u2019apprendimento;\u00a0alleanza educativa con i genitori.\u00a0<\/p>\t\t\t\t\t\t\t\t<\/div>\n\t\t\t\t<\/div>\n\t\t\t\t<\/div>\n\t\t\t\t\t<\/div>\n\t\t\t\t<\/div>\n\t\t<div class=\"elementor-element elementor-element-348d3e6 e-flex e-con-boxed e-con e-parent\" data-id=\"348d3e6\" data-element_type=\"container\">\n\t\t\t\t\t<div class=\"e-con-inner\">\n\t\t\t\t<div class=\"elementor-element elementor-element-130e07d elementor-widget-divider--view-line elementor-widget elementor-widget-divider\" data-id=\"130e07d\" data-element_type=\"widget\" data-widget_type=\"divider.default\">\n\t\t\t\t<div class=\"elementor-widget-container\">\n\t\t\t\t\t\t\t<div class=\"elementor-divider\">\n\t\t\t<span class=\"elementor-divider-separator\">\n\t\t\t\t\t\t<\/span>\n\t\t<\/div>\n\t\t\t\t\t\t<\/div>\n\t\t\t\t<\/div>\n\t\t\t\t\t<\/div>\n\t\t\t\t<\/div>\n\t\t<div class=\"elementor-element elementor-element-579f5af e-flex e-con-boxed e-con e-parent\" data-id=\"579f5af\" data-element_type=\"container\">\n\t\t\t\t\t<div class=\"e-con-inner\">\n\t\t<div class=\"elementor-element elementor-element-d8e14d6 e-con-full e-flex e-con e-child\" data-id=\"d8e14d6\" data-element_type=\"container\">\n\t\t\t\t<div class=\"elementor-element elementor-element-4a4423e elementor-widget elementor-widget-image\" data-id=\"4a4423e\" data-element_type=\"widget\" data-widget_type=\"image.default\">\n\t\t\t\t<div class=\"elementor-widget-container\">\n\t\t\t\t\t\t\t\t\t\t\t\t\t\t\t<img decoding=\"async\" width=\"640\" height=\"683\" src=\"https:\/\/europolis.net\/wp-content\/uploads\/2025\/07\/europolis-formazione-psicomotricita-959x1024.jpg\" class=\"attachment-large size-large wp-image-2169\" alt=\"\" srcset=\"https:\/\/europolis.net\/wp-content\/uploads\/2025\/07\/europolis-formazione-psicomotricita-959x1024.jpg 959w, https:\/\/europolis.net\/wp-content\/uploads\/2025\/07\/europolis-formazione-psicomotricita-281x300.jpg 281w, https:\/\/europolis.net\/wp-content\/uploads\/2025\/07\/europolis-formazione-psicomotricita-768x820.jpg 768w, https:\/\/europolis.net\/wp-content\/uploads\/2025\/07\/europolis-formazione-psicomotricita.jpg 1000w\" sizes=\"(max-width: 640px) 100vw, 640px\" \/>\t\t\t\t\t\t\t\t\t\t\t\t\t\t\t<\/div>\n\t\t\t\t<\/div>\n\t\t\t\t<\/div>\n\t\t<div class=\"elementor-element elementor-element-22f6335 e-con-full e-flex e-con e-child\" data-id=\"22f6335\" data-element_type=\"container\">\n\t\t\t\t<div class=\"elementor-element elementor-element-d06fa0c elementor-widget elementor-widget-heading\" data-id=\"d06fa0c\" data-element_type=\"widget\" data-widget_type=\"heading.default\">\n\t\t\t\t<div class=\"elementor-widget-container\">\n\t\t\t\t\t<h3 class=\"elementor-heading-title elementor-size-default\">SCUOLE - UN MONDO IN MOVIMENTO<\/h3>\t\t\t\t<\/div>\n\t\t\t\t<\/div>\n\t\t\t\t<div class=\"elementor-element elementor-element-74f14c2 elementor-widget elementor-widget-heading\" data-id=\"74f14c2\" data-element_type=\"widget\" data-widget_type=\"heading.default\">\n\t\t\t\t<div class=\"elementor-widget-container\">\n\t\t\t\t\t<h6 class=\"elementor-heading-title elementor-size-default\">PROGETTO DI PSICOMOTRICIT\u00c0 INTEGRATA<\/h6>\t\t\t\t<\/div>\n\t\t\t\t<\/div>\n\t\t\t\t<div class=\"elementor-element elementor-element-a4e0460 elementor-widget elementor-widget-text-editor\" data-id=\"a4e0460\" data-element_type=\"widget\" data-widget_type=\"text-editor.default\">\n\t\t\t\t<div class=\"elementor-widget-container\">\n\t\t\t\t\t\t\t\t\t<p class=\"p1\">La psicomotricit\u00e0 \u00e8 una metodologia che, a partire dal corpo, dal movimento e dall\u2019azione, permette la scoperta e l\u2019espressione di S\u00e9, sostenendo uno sviluppo autentico e globale dell\u2019individuo, andando oltre le possibili difficolt\u00e0 dettate da condizioni di disabilit\u00e0 accertate, disturbi evolutivi e svantaggio.<\/p><p class=\"p1\">Il progetto \u00e8 rivolto alla scuola d\u2019infanzia e primaria e, in una diversa formulazione, alla scuola secondaria di primo grado. <span class=\"s1\">\u200b<\/span>Ogni incontro del progetto prevede l\u2019utilizzo di oggetti pensati e scelti, oltra alla definizione di un tempo e di uno spazio dedicati, favorendo cos\u00ec questo processo di ascolto di s\u00e9 e di espressione della propria originalit\u00e0, riuscendo a calare la proposta nella specificit\u00e0 di ogni singolo gruppo. Si prevede, a chiusura di ogni seduta, un momento di rappresentazione grafica e di condivisione verbale di quanto sperimentato al fine di favorire la presa di coscienza di quanto vissuto e condiviso<\/p>\t\t\t\t\t\t\t\t<\/div>\n\t\t\t\t<\/div>\n\t\t\t\t<\/div>\n\t\t\t\t\t<\/div>\n\t\t\t\t<\/div>\n\t\t<div class=\"elementor-element elementor-element-8e20171 e-flex e-con-boxed e-con e-parent\" data-id=\"8e20171\" data-element_type=\"container\">\n\t\t\t\t\t<div class=\"e-con-inner\">\n\t\t\t\t<div class=\"elementor-element elementor-element-e8ff839 elementor-widget-divider--view-line elementor-widget elementor-widget-divider\" data-id=\"e8ff839\" data-element_type=\"widget\" data-widget_type=\"divider.default\">\n\t\t\t\t<div class=\"elementor-widget-container\">\n\t\t\t\t\t\t\t<div class=\"elementor-divider\">\n\t\t\t<span class=\"elementor-divider-separator\">\n\t\t\t\t\t\t<\/span>\n\t\t<\/div>\n\t\t\t\t\t\t<\/div>\n\t\t\t\t<\/div>\n\t\t\t\t\t<\/div>\n\t\t\t\t<\/div>\n\t\t<div class=\"elementor-element elementor-element-4d853ca e-flex e-con-boxed e-con e-parent\" data-id=\"4d853ca\" data-element_type=\"container\">\n\t\t\t\t\t<div class=\"e-con-inner\">\n\t\t<div class=\"elementor-element elementor-element-d5713e3 e-con-full e-flex e-con e-child\" data-id=\"d5713e3\" data-element_type=\"container\">\n\t\t\t\t<div class=\"elementor-element elementor-element-3be884e elementor-widget elementor-widget-image\" data-id=\"3be884e\" data-element_type=\"widget\" data-widget_type=\"image.default\">\n\t\t\t\t<div class=\"elementor-widget-container\">\n\t\t\t\t\t\t\t\t\t\t\t\t\t\t\t<img decoding=\"async\" width=\"640\" height=\"683\" src=\"https:\/\/europolis.net\/wp-content\/uploads\/2025\/07\/europolis-formazione-disabilita-959x1024.jpg\" class=\"attachment-large size-large wp-image-2173\" alt=\"\" srcset=\"https:\/\/europolis.net\/wp-content\/uploads\/2025\/07\/europolis-formazione-disabilita-959x1024.jpg 959w, https:\/\/europolis.net\/wp-content\/uploads\/2025\/07\/europolis-formazione-disabilita-281x300.jpg 281w, https:\/\/europolis.net\/wp-content\/uploads\/2025\/07\/europolis-formazione-disabilita-768x820.jpg 768w, https:\/\/europolis.net\/wp-content\/uploads\/2025\/07\/europolis-formazione-disabilita.jpg 1000w\" sizes=\"(max-width: 640px) 100vw, 640px\" \/>\t\t\t\t\t\t\t\t\t\t\t\t\t\t\t<\/div>\n\t\t\t\t<\/div>\n\t\t\t\t<\/div>\n\t\t<div class=\"elementor-element elementor-element-b314545 e-con-full e-flex e-con e-child\" data-id=\"b314545\" data-element_type=\"container\">\n\t\t\t\t<div class=\"elementor-element elementor-element-29b8ac9 elementor-widget elementor-widget-heading\" data-id=\"29b8ac9\" data-element_type=\"widget\" data-widget_type=\"heading.default\">\n\t\t\t\t<div class=\"elementor-widget-container\">\n\t\t\t\t\t<h3 class=\"elementor-heading-title elementor-size-default\">SERVIZI SOCIALI<\/h3>\t\t\t\t<\/div>\n\t\t\t\t<\/div>\n\t\t\t\t<div class=\"elementor-element elementor-element-a2032a7 elementor-widget elementor-widget-heading\" data-id=\"a2032a7\" data-element_type=\"widget\" data-widget_type=\"heading.default\">\n\t\t\t\t<div class=\"elementor-widget-container\">\n\t\t\t\t\t<h6 class=\"elementor-heading-title elementor-size-default\">LA DEFINIZIONE DEL PROGETTO DI VITA PER LE PERSONE CON DISABILIT\u00c0<\/h6>\t\t\t\t<\/div>\n\t\t\t\t<\/div>\n\t\t\t\t<div class=\"elementor-element elementor-element-d4f68ab elementor-widget elementor-widget-text-editor\" data-id=\"d4f68ab\" data-element_type=\"widget\" data-widget_type=\"text-editor.default\">\n\t\t\t\t<div class=\"elementor-widget-container\">\n\t\t\t\t\t\t\t\t\t<p class=\"p1\">Il corso \u00e8 pensato per assistenti sociali che desiderano approfondire le competenze necessarie per supportare le persone con disabilit\u00e0 nella costruzione e realizzazione di un progetto di vita personalizzato. Questo percorso formativo offre strumenti teorici e pratici per promuovere l&#8217;inclusione sociale, l&#8217;autodeterminazione e il benessere delle persone con disabilit\u00e0, favorendo una prospettiva centrata sulla persona. I filoni tematici su cui il corso verr\u00e0 articolato sono: <b>i<\/b>l quadro normativo con focus su l. 328\/2000, l\u2019approccio orientato alla qualit\u00e0 della vita, obiettivi e finalit\u00e0 del progetto di vita, esperienze nei servizi, modelli di progetti di vita, scale da utilizzare (e.g. scala San Martin)<\/p>\t\t\t\t\t\t\t\t<\/div>\n\t\t\t\t<\/div>\n\t\t\t\t<\/div>\n\t\t\t\t\t<\/div>\n\t\t\t\t<\/div>\n\t\t<div class=\"elementor-element elementor-element-c4dc5ee e-flex e-con-boxed e-con e-parent\" data-id=\"c4dc5ee\" data-element_type=\"container\">\n\t\t\t\t\t<div class=\"e-con-inner\">\n\t\t\t\t<div class=\"elementor-element elementor-element-232a0f3 elementor-widget-divider--view-line elementor-widget elementor-widget-divider\" data-id=\"232a0f3\" data-element_type=\"widget\" data-widget_type=\"divider.default\">\n\t\t\t\t<div class=\"elementor-widget-container\">\n\t\t\t\t\t\t\t<div class=\"elementor-divider\">\n\t\t\t<span class=\"elementor-divider-separator\">\n\t\t\t\t\t\t<\/span>\n\t\t<\/div>\n\t\t\t\t\t\t<\/div>\n\t\t\t\t<\/div>\n\t\t\t\t\t<\/div>\n\t\t\t\t<\/div>\n\t\t<div class=\"elementor-element elementor-element-4750c50 e-flex e-con-boxed e-con e-parent\" data-id=\"4750c50\" data-element_type=\"container\">\n\t\t\t\t\t<div class=\"e-con-inner\">\n\t\t<div class=\"elementor-element elementor-element-483f334 e-con-full e-flex e-con e-child\" data-id=\"483f334\" data-element_type=\"container\">\n\t\t\t\t<div class=\"elementor-element elementor-element-55f9055 elementor-widget elementor-widget-image\" data-id=\"55f9055\" data-element_type=\"widget\" data-widget_type=\"image.default\">\n\t\t\t\t<div class=\"elementor-widget-container\">\n\t\t\t\t\t\t\t\t\t\t\t\t\t\t\t<img loading=\"lazy\" decoding=\"async\" width=\"640\" height=\"683\" src=\"https:\/\/europolis.net\/wp-content\/uploads\/2025\/07\/europolis-servizisociali-famiglie-959x1024.jpg\" class=\"attachment-large size-large wp-image-2233\" alt=\"\" srcset=\"https:\/\/europolis.net\/wp-content\/uploads\/2025\/07\/europolis-servizisociali-famiglie-959x1024.jpg 959w, https:\/\/europolis.net\/wp-content\/uploads\/2025\/07\/europolis-servizisociali-famiglie-281x300.jpg 281w, https:\/\/europolis.net\/wp-content\/uploads\/2025\/07\/europolis-servizisociali-famiglie-768x820.jpg 768w, https:\/\/europolis.net\/wp-content\/uploads\/2025\/07\/europolis-servizisociali-famiglie.jpg 1000w\" sizes=\"(max-width: 640px) 100vw, 640px\" \/>\t\t\t\t\t\t\t\t\t\t\t\t\t\t\t<\/div>\n\t\t\t\t<\/div>\n\t\t\t\t<\/div>\n\t\t<div class=\"elementor-element elementor-element-e28f5bd e-con-full e-flex e-con e-child\" data-id=\"e28f5bd\" data-element_type=\"container\">\n\t\t\t\t<div class=\"elementor-element elementor-element-7e4c8fa elementor-widget elementor-widget-heading\" data-id=\"7e4c8fa\" data-element_type=\"widget\" data-widget_type=\"heading.default\">\n\t\t\t\t<div class=\"elementor-widget-container\">\n\t\t\t\t\t<h3 class=\"elementor-heading-title elementor-size-default\">SERVIZI SOCIALI<\/h3>\t\t\t\t<\/div>\n\t\t\t\t<\/div>\n\t\t\t\t<div class=\"elementor-element elementor-element-dfae908 elementor-widget elementor-widget-heading\" data-id=\"dfae908\" data-element_type=\"widget\" data-widget_type=\"heading.default\">\n\t\t\t\t<div class=\"elementor-widget-container\">\n\t\t\t\t\t<h6 class=\"elementor-heading-title elementor-size-default\">IL RAPPORTO CON IL NUCLEO FAMILIARE NELLA FASE DI RESTITUZIONE DELLA RELAZIONE DI INDAGINE PSICO SOCIALE E NELLA LETTURA DEL PROVVEDIMENTO DELL'AUTORIT\u00c0 GIUDIZIARIA<\/h6>\t\t\t\t<\/div>\n\t\t\t\t<\/div>\n\t\t\t\t<div class=\"elementor-element elementor-element-0faa5f5 elementor-widget elementor-widget-text-editor\" data-id=\"0faa5f5\" data-element_type=\"widget\" data-widget_type=\"text-editor.default\">\n\t\t\t\t<div class=\"elementor-widget-container\">\n\t\t\t\t\t\t\t\t\t<p class=\"p1\">La trasparenza e la fiducia tra operatore e utente sono la base per la costruzione di una relazione di aiuto che permetta ad entrambi di procedere verso il superamento delle difficolt\u00e0 che si stanno attraversando. Questo \u00e8 vero anche nei contesti, come quelli dei servizi che si occupano di Tutela Minorile, in cui la dimensione dell&#8217;aiuto deve necessariamente convivere con quella del controllo. Tra questi i momenti dedicati alla condivisione dei provvedimenti dell&#8217;AAGG e quelli in cui si condividono le relazioni di indagine redatte dai professionisti con le famiglie di cui si \u00e8 scritto, sono sicuramente fondamentali.<\/p><p class=\"p1\">Il corso, rivolto a assistenti sociali e professionisti impegnati a favore della tutela dei minori, verte sulle seguenti linee tematiche: riferimenti normativi e deontologici legati alla condivisione dei provvedimenti e delle relazioni; in che modo e alla presenza di chi procedere alla condivisione provvedimenti dell\u2019AG e delle relazioni di indagine; cosa pu\u00f2 succedere durante la condivisione di una relazione; come condividere le relazioni con bambini e ragazzi, con persone con disabilit\u00e0, con persone di origine straniera.<\/p>\t\t\t\t\t\t\t\t<\/div>\n\t\t\t\t<\/div>\n\t\t\t\t<\/div>\n\t\t\t\t\t<\/div>\n\t\t\t\t<\/div>\n\t\t<div class=\"elementor-element elementor-element-e0bf227 e-flex e-con-boxed e-con e-parent\" data-id=\"e0bf227\" data-element_type=\"container\">\n\t\t\t\t\t<div class=\"e-con-inner\">\n\t\t\t\t<div class=\"elementor-element elementor-element-8a42445 elementor-widget-divider--view-line elementor-widget elementor-widget-divider\" data-id=\"8a42445\" data-element_type=\"widget\" data-widget_type=\"divider.default\">\n\t\t\t\t<div class=\"elementor-widget-container\">\n\t\t\t\t\t\t\t<div class=\"elementor-divider\">\n\t\t\t<span class=\"elementor-divider-separator\">\n\t\t\t\t\t\t<\/span>\n\t\t<\/div>\n\t\t\t\t\t\t<\/div>\n\t\t\t\t<\/div>\n\t\t\t\t\t<\/div>\n\t\t\t\t<\/div>\n\t\t<div class=\"elementor-element elementor-element-e68fb84 e-flex e-con-boxed e-con e-parent\" data-id=\"e68fb84\" data-element_type=\"container\">\n\t\t\t\t\t<div class=\"e-con-inner\">\n\t\t<div class=\"elementor-element elementor-element-5e574bc e-con-full e-flex e-con e-child\" data-id=\"5e574bc\" data-element_type=\"container\">\n\t\t\t\t<div class=\"elementor-element elementor-element-a14557a elementor-widget elementor-widget-image\" data-id=\"a14557a\" data-element_type=\"widget\" data-widget_type=\"image.default\">\n\t\t\t\t<div class=\"elementor-widget-container\">\n\t\t\t\t\t\t\t\t\t\t\t\t\t\t\t<img loading=\"lazy\" decoding=\"async\" width=\"640\" height=\"683\" src=\"https:\/\/europolis.net\/wp-content\/uploads\/2025\/07\/europolis-formazione-gareappalto-959x1024.jpg\" class=\"attachment-large size-large wp-image-2181\" alt=\"\" srcset=\"https:\/\/europolis.net\/wp-content\/uploads\/2025\/07\/europolis-formazione-gareappalto-959x1024.jpg 959w, https:\/\/europolis.net\/wp-content\/uploads\/2025\/07\/europolis-formazione-gareappalto-281x300.jpg 281w, https:\/\/europolis.net\/wp-content\/uploads\/2025\/07\/europolis-formazione-gareappalto-768x820.jpg 768w, https:\/\/europolis.net\/wp-content\/uploads\/2025\/07\/europolis-formazione-gareappalto.jpg 1000w\" sizes=\"(max-width: 640px) 100vw, 640px\" \/>\t\t\t\t\t\t\t\t\t\t\t\t\t\t\t<\/div>\n\t\t\t\t<\/div>\n\t\t\t\t<\/div>\n\t\t<div class=\"elementor-element elementor-element-fa46f08 e-con-full e-flex e-con e-child\" data-id=\"fa46f08\" data-element_type=\"container\">\n\t\t\t\t<div class=\"elementor-element elementor-element-4abaddd elementor-widget elementor-widget-heading\" data-id=\"4abaddd\" data-element_type=\"widget\" data-widget_type=\"heading.default\">\n\t\t\t\t<div class=\"elementor-widget-container\">\n\t\t\t\t\t<h3 class=\"elementor-heading-title elementor-size-default\">TERZO SETTORE - GARE D\u2019APPALTO<\/h3>\t\t\t\t<\/div>\n\t\t\t\t<\/div>\n\t\t\t\t<div class=\"elementor-element elementor-element-83ac486 elementor-widget elementor-widget-heading\" data-id=\"83ac486\" data-element_type=\"widget\" data-widget_type=\"heading.default\">\n\t\t\t\t<div class=\"elementor-widget-container\">\n\t\t\t\t\t<h6 class=\"elementor-heading-title elementor-size-default\">GESTIONE DELLA PROCEDURA, ASPETTI TECNICI E GESTIONE STRATEGICA<\/h6>\t\t\t\t<\/div>\n\t\t\t\t<\/div>\n\t\t\t\t<div class=\"elementor-element elementor-element-3440b5f elementor-widget elementor-widget-text-editor\" data-id=\"3440b5f\" data-element_type=\"widget\" data-widget_type=\"text-editor.default\">\n\t\t\t\t<div class=\"elementor-widget-container\">\n\t\t\t\t\t\t\t\t\t<p class=\"p1\">Le gare d\u2019appalto sono ancora uno dei canali preferenziali tramite cui la Pubblica Amministrazione orienta l\u2019affidamento e la gestione dei servizi sociali. Per una organizzazione del Terzo Settore \u00e8, dunque, importante saper approcciare correttamente questo tipo di procedura, avendo la capacit\u00e0 di analizzare correttamente i documenti di gara, di gestire la pluralit\u00e0 di adempimenti amministrativi che essa comporta, di redigere un\u2019offerta tecnica ed economica conducendo valutazioni strategiche pertinenti e centrate su ogni singola gara e sul contesto all\u2019interno del quale essa viene bandita.<\/p><p class=\"p1\">Il corso, rivolto alle organizzazioni del Terzo Settore, affronter\u00e0 le seguenti tematiche: inquadramento della procedura di gara d\u2019appalto, aspetti normativi e procedurali; analisi del contesto e dei documenti di gara; preparazione e gestione della documentazione amministrativa a corredo dell\u2019offerta; valutazioni strategiche; redazione dell\u2019offerta tecnica; definizione dell\u2019offerta economica.<\/p>\t\t\t\t\t\t\t\t<\/div>\n\t\t\t\t<\/div>\n\t\t\t\t<\/div>\n\t\t\t\t\t<\/div>\n\t\t\t\t<\/div>\n\t\t<div class=\"elementor-element elementor-element-c398581 e-flex e-con-boxed e-con e-parent\" data-id=\"c398581\" data-element_type=\"container\">\n\t\t\t\t\t<div class=\"e-con-inner\">\n\t\t\t\t<div class=\"elementor-element elementor-element-8da7548 elementor-widget-divider--view-line elementor-widget elementor-widget-divider\" data-id=\"8da7548\" data-element_type=\"widget\" data-widget_type=\"divider.default\">\n\t\t\t\t<div class=\"elementor-widget-container\">\n\t\t\t\t\t\t\t<div class=\"elementor-divider\">\n\t\t\t<span class=\"elementor-divider-separator\">\n\t\t\t\t\t\t<\/span>\n\t\t<\/div>\n\t\t\t\t\t\t<\/div>\n\t\t\t\t<\/div>\n\t\t\t\t\t<\/div>\n\t\t\t\t<\/div>\n\t\t<div class=\"elementor-element elementor-element-6ea7a54 e-flex e-con-boxed e-con e-parent\" data-id=\"6ea7a54\" data-element_type=\"container\">\n\t\t\t\t\t<div class=\"e-con-inner\">\n\t\t<div class=\"elementor-element elementor-element-8cd4b4e e-con-full e-flex e-con e-child\" data-id=\"8cd4b4e\" data-element_type=\"container\">\n\t\t\t\t<div class=\"elementor-element elementor-element-0cb18e4 elementor-widget elementor-widget-image\" data-id=\"0cb18e4\" data-element_type=\"widget\" data-widget_type=\"image.default\">\n\t\t\t\t<div class=\"elementor-widget-container\">\n\t\t\t\t\t\t\t\t\t\t\t\t\t\t\t<img loading=\"lazy\" decoding=\"async\" width=\"640\" height=\"683\" src=\"https:\/\/europolis.net\/wp-content\/uploads\/2025\/07\/europolis-formazione-supervisione-959x1024.jpg\" class=\"attachment-large size-large wp-image-2188\" alt=\"\" srcset=\"https:\/\/europolis.net\/wp-content\/uploads\/2025\/07\/europolis-formazione-supervisione-959x1024.jpg 959w, https:\/\/europolis.net\/wp-content\/uploads\/2025\/07\/europolis-formazione-supervisione-281x300.jpg 281w, https:\/\/europolis.net\/wp-content\/uploads\/2025\/07\/europolis-formazione-supervisione-768x820.jpg 768w, https:\/\/europolis.net\/wp-content\/uploads\/2025\/07\/europolis-formazione-supervisione.jpg 1000w\" sizes=\"(max-width: 640px) 100vw, 640px\" \/>\t\t\t\t\t\t\t\t\t\t\t\t\t\t\t<\/div>\n\t\t\t\t<\/div>\n\t\t\t\t<\/div>\n\t\t<div class=\"elementor-element elementor-element-7dd3333 e-con-full e-flex e-con e-child\" data-id=\"7dd3333\" data-element_type=\"container\">\n\t\t\t\t<div class=\"elementor-element elementor-element-019d81e elementor-widget elementor-widget-heading\" data-id=\"019d81e\" data-element_type=\"widget\" data-widget_type=\"heading.default\">\n\t\t\t\t<div class=\"elementor-widget-container\">\n\t\t\t\t\t<h3 class=\"elementor-heading-title elementor-size-default\">INTERVENTI DI SUPERVISIONE<\/h3>\t\t\t\t<\/div>\n\t\t\t\t<\/div>\n\t\t\t\t<div class=\"elementor-element elementor-element-b410dc2 elementor-widget elementor-widget-text-editor\" data-id=\"b410dc2\" data-element_type=\"widget\" data-widget_type=\"text-editor.default\">\n\t\t\t\t<div class=\"elementor-widget-container\">\n\t\t\t\t\t\t\t\t\t<p class=\"p1\">All\u2019interno di Europolis sono presenti diverse professionalit\u00e0: psicologi e psicoterapeuti, pedagogisti, assistenti sociali, psicomotricisti, conduttori di gruppi.<\/p><p class=\"p1\">\u00c8 dunque possibile richiedere interventi di supervisione individuale o in equipe nell\u2019ambito dei servizi sociali e dei servizi che si occupano di minori e famiglie, disabili, cittadini fragili ed emarginati, anziani, prima infanzia, sia nel contesto degli enti pubblici che degli enti privati e del Terzo Settore.<\/p>\t\t\t\t\t\t\t\t<\/div>\n\t\t\t\t<\/div>\n\t\t\t\t<\/div>\n\t\t\t\t\t<\/div>\n\t\t\t\t<\/div>\n\t\t\t\t<section class=\"elementor-section elementor-top-section elementor-element elementor-element-0ff5ce8 elementor-section-full_width elementor-section-stretched elementor-section-height-default elementor-section-height-default\" data-id=\"0ff5ce8\" data-element_type=\"section\" data-settings=\"{&quot;stretch_section&quot;:&quot;section-stretched&quot;}\">\n\t\t\t\t\t\t<div class=\"elementor-container elementor-column-gap-no\">\n\t\t\t\t\t<div class=\"elementor-column elementor-col-100 elementor-top-column elementor-element elementor-element-882e3a2\" data-id=\"882e3a2\" data-element_type=\"column\">\n\t\t\t<div class=\"elementor-widget-wrap elementor-element-populated\">\n\t\t\t\t\t\t<div class=\"elementor-element elementor-element-739d23e elementor-widget elementor-widget-alipes-contact-form\" data-id=\"739d23e\" data-element_type=\"widget\" data-widget_type=\"alipes-contact-form.default\">\n\t\t\t\t<div class=\"elementor-widget-container\">\n\t\t\t\t\t\r\n\t<!--Contact One Start-->\r\n\t<section class=\"contact-one\">\r\n\t\t<div class=\"container\">\r\n\t\t\t<div class=\"row\">\r\n\t\t\t\t<div class=\"col-xl-7 col-lg-8\">\r\n\t\t\t\t\t<div class=\"contact-one__left\">\r\n\t\t\t\t\t\t<div class=\"section-title text-left\">\r\n\t\t\t\t\t\t\t<h6 class=\"section-title__tagline\">EUROPOLIS<\/h6><h2 class=\"section-title__title\">CONTATTACI<\/h2>\t\t\t\t\t\t<\/div>\r\n\t\t\t\t\t\t<div class=\"contact-one__person\">\r\n\t\t\t\t\t\t\t<div class=\"contact-one__person-info\">\r\n\t\t\t\t\t\t\t\t\t\t\t\t\t\t\t\t<div class=\"contact-one__person-content\">\r\n\t\t\t\t\t\t\t\t\t\t\t\t\t\t\t\t\t\t<p class=\"contact-one__person-sub-title\">Villa Maria - Strada Sora 43 - Pavia<\/p>\t\t\t\t\t\t\t\t<\/div>\r\n\t\t\t\t\t\t\t<\/div>\r\n\t\t\t\t\t\t\t<div class=\"contact-one__person-text\">\r\n\t\t\t\t\t\t\t\t\t\t\t\t\t\t\t<\/div>\r\n\t\t\t\t\t\t<\/div>\r\n\t\t\t\t\t\t<ul class=\"contact-one__points list-unstyled ml-0\">\r\n\t\t\t\t\t\t\t\t\t\t\t\t\t\t\t<li>\r\n\t\t\t\t\t\t\t\t\t<div class=\"icon\">\r\n\t\t\t\t\t\t\t\t\t\t<span aria-hidden=\"true\" class=\"  fas fa-phone-alt\"><\/span>\t\t\t\t\t\t\t\t\t<\/div>\r\n\t\t\t\t\t\t\t\t\t<div class=\"content\">\r\n\t\t\t\t\t\t\t\t\t\t<p class=\"\">TELEFONO<\/p>\t\t\t\t\t\t\t\t\t\t<h4>\r\n\t\t\t\t\t\t\t\t\t\t\t<a href=\"tel:+0382576424\">0382.576424<\/a>\t\t\t\t\t\t\t\t\t\t<\/h4>\r\n\t\t\t\t\t\t\t\t\t<\/div>\r\n\t\t\t\t\t\t\t\t<\/li>\r\n\t\t\t\t\t\t\t\t\t\t\t\t\t\t\t<li>\r\n\t\t\t\t\t\t\t\t\t<div class=\"icon\">\r\n\t\t\t\t\t\t\t\t\t\t<span aria-hidden=\"true\" class=\"   icon-email\"><\/span>\t\t\t\t\t\t\t\t\t<\/div>\r\n\t\t\t\t\t\t\t\t\t<div class=\"content\">\r\n\t\t\t\t\t\t\t\t\t\t<p class=\" \">MAIL<\/p>\t\t\t\t\t\t\t\t\t\t<h4>\r\n\t\t\t\t\t\t\t\t\t\t\t<a href=\"mailto:europolis@legalmail.it\">europolis@legalmail.it<\/a>\t\t\t\t\t\t\t\t\t\t<\/h4>\r\n\t\t\t\t\t\t\t\t\t<\/div>\r\n\t\t\t\t\t\t\t\t<\/li>\r\n\t\t\t\t\t\t\t\t\t\t\t\t\t<\/ul>\r\n\t\t\t\t\t<\/div>\r\n\t\t\t\t<\/div>\r\n\t\t\t\t<div class=\"col-xl-5 col-lg-4\">\r\n\t\t\t\t\t<div class=\"contact-one__right\">\r\n\t\t\t\t\t\t<div class=\"contact-one__form-box wow slideInRight\" data-wow-delay=\"100ms\" data-wow-duration=\"2500ms\">\r\n\t\t\t\t\t\t\t<div class=\"contact-form-bg\" style=\"background-image: url(https:\/\/europolis.net\/sito\/wp-content\/uploads\/2025\/06\/depositphotos_647547666-stock-photo-speaker-giving-talk-conference-hall.jpg);\">\r\n\t\t\t\t\t\t\t<\/div>\r\n\t\t\t\t\t\t\t<div class=\"section-title text-left\">\r\n\t\t\t\t\t\t\t\t\t\t\t\t\t\t\t<\/div>\r\n\t\t\t\t\t\t\t<div class=\"wpcf7 no-js\" id=\"wpcf7-f1772-o1\" lang=\"en-US\" dir=\"ltr\" data-wpcf7-id=\"1772\">\n<div class=\"screen-reader-response\"><p role=\"status\" aria-live=\"polite\" aria-atomic=\"true\"><\/p> <ul><\/ul><\/div>\n<form action=\"\/index.php\/wp-json\/wp\/v2\/pages\/1769#wpcf7-f1772-o1\" method=\"post\" class=\"wpcf7-form init\" aria-label=\"Contact form\" novalidate=\"novalidate\" data-status=\"init\">\n<fieldset class=\"hidden-fields-container\"><input type=\"hidden\" name=\"_wpcf7\" value=\"1772\" \/><input type=\"hidden\" name=\"_wpcf7_version\" value=\"6.1.4\" \/><input type=\"hidden\" name=\"_wpcf7_locale\" value=\"en_US\" \/><input type=\"hidden\" name=\"_wpcf7_unit_tag\" value=\"wpcf7-f1772-o1\" \/><input type=\"hidden\" name=\"_wpcf7_container_post\" value=\"0\" \/><input type=\"hidden\" name=\"_wpcf7_posted_data_hash\" value=\"\" \/>\n<\/fieldset>\n<div class=\"row\">\n\t<div class=\"col-xl-12\">\n\t\t<div class=\"contact-one__input-box\">\n\t\t\t<span class=\"wpcf7-form-control-wrap\" data-name=\"text-685\"><input size=\"40\" maxlength=\"400\" class=\"wpcf7-form-control wpcf7-text wpcf7-validates-as-required\" aria-required=\"true\" aria-invalid=\"false\" placeholder=\"Nome e Cognome\" value=\"\" type=\"text\" name=\"text-685\" \/><\/span>\n\t\t<\/div>\n\t<\/div>\n\t<div class=\"col-xl-12\">\n\t\t<div class=\"contact-one__input-box\">\n\t\t\t<span class=\"wpcf7-form-control-wrap\" data-name=\"email-193\"><input size=\"40\" maxlength=\"400\" class=\"wpcf7-form-control wpcf7-email wpcf7-validates-as-required wpcf7-text wpcf7-validates-as-email\" aria-required=\"true\" aria-invalid=\"false\" placeholder=\"Mail\" value=\"\" type=\"email\" name=\"email-193\" \/><\/span>\n\t\t<\/div>\n\t<\/div>\n\t<div class=\"col-xl-12\">\n\t\t<div class=\"contact-one__input-box\">\n\t\t\t<span class=\"wpcf7-form-control-wrap\" data-name=\"text-176\"><input size=\"40\" maxlength=\"400\" class=\"wpcf7-form-control wpcf7-text wpcf7-validates-as-required\" aria-required=\"true\" aria-invalid=\"false\" placeholder=\"Telefono\" value=\"\" type=\"text\" name=\"text-176\" \/><\/span>\n\t\t<\/div>\n\t<\/div>\n<\/div>\n<div class=\"row\">\n\t<div class=\"col-xl-12\">\n\t\t<div class=\"contact-one__input-box text-message-box\">\n\t\t\t<span class=\"wpcf7-form-control-wrap\" data-name=\"textarea-511\"><textarea cols=\"40\" rows=\"10\" maxlength=\"2000\" class=\"wpcf7-form-control wpcf7-textarea wpcf7-validates-as-required\" aria-required=\"true\" aria-invalid=\"false\" placeholder=\"Messaggio\" name=\"textarea-511\"><\/textarea><\/span>\n\t\t<\/div>\n\t\t<button type=\"submit\" class=\"thm-btn contact-one__btn\">Invia Messaggio<\/button>\n\t<\/div>\n<\/div><div class=\"wpcf7-response-output\" aria-hidden=\"true\"><\/div>\n<\/form>\n<\/div>\r\n\t\t\t\t\t\t<\/div>\r\n\t\t\t\t\t<\/div>\r\n\t\t\t\t<\/div>\r\n\t\t\t<\/div>\r\n\t\t<\/div>\r\n\t<\/section>\r\n\t<!--Contact One Start-->\r\n\r\n\t\t\t\t<\/div>\n\t\t\t\t<\/div>\n\t\t\t\t\t<\/div>\n\t\t<\/div>\n\t\t\t\t\t<\/div>\n\t\t<\/section>\n\t\t\t\t<\/div>\n\t\t","protected":false},"excerpt":{"rendered":"<p>SCUOLE &#8211; MINORI CON DISTURBO DELLO SPETTRO AUTISTICO CARATTERISTICHE GENERALI&nbsp;E INTERVENTO SCOLASTICO La scuola incide in modo significativo nel percorso di crescita di bambini e ragazzi con disturbo dello spettro autistico. L\u2019educazione di minori disturbi dello spettro autistico necessita di uno sguardo capace di interpretare i bisogni del bambino o del ragazzo, coniugando con essi [&hellip;]<\/p>\n","protected":false},"author":1,"featured_media":0,"parent":0,"menu_order":0,"comment_status":"closed","ping_status":"closed","template":"elementor_header_footer","meta":{"_monsterinsights_skip_tracking":false,"_monsterinsights_sitenote_active":false,"_monsterinsights_sitenote_note":"","_monsterinsights_sitenote_category":0,"footnotes":""},"class_list":["post-1769","page","type-page","status-publish","hentry"],"aioseo_notices":[],"_links":{"self":[{"href":"https:\/\/europolis.net\/index.php\/wp-json\/wp\/v2\/pages\/1769","targetHints":{"allow":["GET"]}}],"collection":[{"href":"https:\/\/europolis.net\/index.php\/wp-json\/wp\/v2\/pages"}],"about":[{"href":"https:\/\/europolis.net\/index.php\/wp-json\/wp\/v2\/types\/page"}],"author":[{"embeddable":true,"href":"https:\/\/europolis.net\/index.php\/wp-json\/wp\/v2\/users\/1"}],"replies":[{"embeddable":true,"href":"https:\/\/europolis.net\/index.php\/wp-json\/wp\/v2\/comments?post=1769"}],"version-history":[{"count":44,"href":"https:\/\/europolis.net\/index.php\/wp-json\/wp\/v2\/pages\/1769\/revisions"}],"predecessor-version":[{"id":2236,"href":"https:\/\/europolis.net\/index.php\/wp-json\/wp\/v2\/pages\/1769\/revisions\/2236"}],"wp:attachment":[{"href":"https:\/\/europolis.net\/index.php\/wp-json\/wp\/v2\/media?parent=1769"}],"curies":[{"name":"wp","href":"https:\/\/api.w.org\/{rel}","templated":true}]}}